{"id":607,"date":"2020-12-21T14:48:07","date_gmt":"2020-12-21T13:48:07","guid":{"rendered":"https:\/\/www.gustavstyle.com\/il-brevetto\/"},"modified":"2020-12-21T16:23:40","modified_gmt":"2020-12-21T15:23:40","slug":"the-patent","status":"publish","type":"page","link":"https:\/\/www.gustavstyle.com\/en\/the-patent\/","title":{"rendered":"The Patent"},"content":{"rendered":"<p>[et_pb_section fb_built=&#8221;1&#8243; _builder_version=&#8221;4.6.1&#8243; _module_preset=&#8221;default&#8221; custom_padding=&#8221;||35px|||&#8221;][et_pb_row _builder_version=&#8221;4.6.1&#8243; _module_preset=&#8221;default&#8221; custom_padding=&#8221;||12px|||&#8221;][et_pb_column type=&#8221;4_4&#8243; _builder_version=&#8221;4.6.1&#8243; _module_preset=&#8221;default&#8221;][et_pb_text _builder_version=&#8221;4.6.6&#8243; _module_preset=&#8221;default&#8221; text_text_color=&#8221;#ffffff&#8221; header_font=&#8221;Baloo|600|||||||&#8221; header_text_color=&#8221;#0c71c3&#8243; header_font_size=&#8221;88px&#8221; header_2_font=&#8221;Baloo||||||||&#8221; header_2_text_color=&#8221;#0c71c3&#8243; header_2_font_size=&#8221;52px&#8221; background_layout=&#8221;dark&#8221; custom_margin=&#8221;||32px|||&#8221; hover_enabled=&#8221;0&#8243; header_font_size_tablet=&#8221;48px&#8221; header_font_size_phone=&#8221;28px&#8221; header_font_size_last_edited=&#8221;on|desktop&#8221; header_text_shadow_style=&#8221;preset3&#8243; header_text_shadow_color=&#8221;rgba(255,255,255,0.85)&#8221; sticky_enabled=&#8221;0&#8243;]<\/p>\n<h2 style=\"text-align: center;\">The Patent<\/h2>\n<p>[\/et_pb_text][\/et_pb_column][\/et_pb_row][\/et_pb_section][et_pb_section fb_built=&#8221;1&#8243; prev_background_color=&#8221;#ffffff&#8221; next_background_color=&#8221;#ffffff&#8221; admin_label=&#8221;Features&#8221; _builder_version=&#8221;4.6.1&#8243; background_color=&#8221;#e09900&#8243; background_image=&#8221;https:\/\/gustavstyle.com\/wp-content\/uploads\/2020\/09\/pois-pat.png&#8221; background_size=&#8221;initial&#8221; background_repeat=&#8221;repeat&#8221; z_index=&#8221;11&#8243; min_height=&#8221;1663px&#8221; custom_padding=&#8221;0px||126px|||&#8221; top_divider_style=&#8221;clouds2&#8243; bottom_divider_style=&#8221;clouds2&#8243; locked=&#8221;off&#8221;][et_pb_row use_custom_gutter=&#8221;on&#8221; gutter_width=&#8221;2&#8243; _builder_version=&#8221;4.6.1&#8243; width=&#8221;100%&#8221; max_width=&#8221;1440px&#8221; overflow-x=&#8221;visible&#8221; overflow-y=&#8221;visible&#8221; custom_padding=&#8221;11vw|60px|19px|60px|false|false&#8221; border_radii=&#8221;off|||60px|60px&#8221; locked=&#8221;off&#8221;][et_pb_column type=&#8221;4_4&#8243; _builder_version=&#8221;4.4.7&#8243;][et_pb_video src=&#8221;https:\/\/youtu.be\/gsTTWWszF9M&#8221; image_src=&#8221;https:\/\/www.gustavstyle.com\/wp-content\/uploads\/2020\/10\/fotogramma_gustav.jpg&#8221; thumbnail_overlay_color=&#8221;rgba(0,0,0,0.6)&#8221; _builder_version=&#8221;4.6.6&#8243; _module_preset=&#8221;default&#8221; hover_enabled=&#8221;0&#8243; border_radii=&#8221;on|25px|25px|25px|25px&#8221; box_shadow_style=&#8221;preset1&#8243; sticky_enabled=&#8221;0&#8243;][\/et_pb_video][\/et_pb_column][\/et_pb_row][et_pb_row use_custom_gutter=&#8221;on&#8221; gutter_width=&#8221;2&#8243; _builder_version=&#8221;4.6.1&#8243; width=&#8221;100%&#8221; max_width=&#8221;1440px&#8221; overflow-x=&#8221;visible&#8221; overflow-y=&#8221;visible&#8221; custom_padding=&#8221;2vw|60px|37px|60px|false|false&#8221; border_radii=&#8221;off|||60px|60px&#8221; locked=&#8221;off&#8221;][et_pb_column type=&#8221;4_4&#8243; _builder_version=&#8221;4.4.7&#8243;][et_pb_text _builder_version=&#8221;4.6.6&#8243; _module_preset=&#8221;default&#8221; text_text_color=&#8221;#ffffff&#8221; header_font=&#8221;Baloo|600|||||||&#8221; header_text_color=&#8221;#ffffff&#8221; header_font_size=&#8221;88px&#8221; header_2_font=&#8221;Baloo||||||||&#8221; header_2_text_color=&#8221;#ffffff&#8221; header_2_font_size=&#8221;41px&#8221; background_layout=&#8221;dark&#8221; header_font_size_tablet=&#8221;48px&#8221; header_font_size_phone=&#8221;28px&#8221; header_font_size_last_edited=&#8221;on|desktop&#8221; header_text_shadow_style=&#8221;preset3&#8243; header_text_shadow_color=&#8221;rgba(255,255,255,0.85)&#8221;]<\/p>\n<h2 style=\"text-align: center;\">The start-up and merchandising<\/h2>\n<p>[\/et_pb_text][et_pb_text _builder_version=&#8221;4.6.6&#8243; _module_preset=&#8221;default&#8221; text_font=&#8221;Open Sans||||||||&#8221; text_font_size=&#8221;18px&#8221; text_line_height=&#8221;1.9em&#8221; background_color=&#8221;#ffffff&#8221; module_alignment=&#8221;center&#8221; custom_margin=&#8221;||21px|||&#8221; custom_padding=&#8221;37px|33px|37px|33px|true|true&#8221; custom_padding_tablet=&#8221;&#8221; custom_padding_phone=&#8221;&#8221; custom_padding_last_edited=&#8221;on|desktop&#8221; text_font_size_tablet=&#8221;15px&#8221; text_font_size_phone=&#8221;14px&#8221; text_font_size_last_edited=&#8221;on|tablet&#8221; border_radii=&#8221;on|22px|22px|22px|22px&#8221; locked=&#8221;off&#8221;]<\/p>\n<p><strong>The new start-up linked to the short animated films will take care of producing, promoting and marketing accessories for children from the ages of 3-8<\/strong>. The accessories are patented, and they are innovative, ergonomic, and made to strengthen the child\u2019s creativity.<\/p>\n<p><strong>It all starts with a line of backpacks, bags and pencil cases that are both functional and playful<\/strong>. They include removable supports (a sort of blackboard) where children can invent their own stories with the magnetic characters. There are four scenes for four different adventures. They can create infinity of different stories and universes.<\/p>\n<p>The accessories are functional but fun, actual toys made to help all children, boys and girls, express themselves freely.<span>\u00a0<\/span><strong>Every day will be like going on a new adventure<\/strong><span>\u00a0<\/span>that is always changing and diverse. All they will need to do to be transported into another world is to put on their backpack, change the cover and the scene and then attach the characters of their story.<\/p>\n<p>[\/et_pb_text][\/et_pb_column][\/et_pb_row][\/et_pb_section][et_pb_section fb_built=&#8221;1&#8243; custom_padding_last_edited=&#8221;on|phone&#8221; next_background_color=&#8221;#ffffff&#8221; disabled_on=&#8221;off|off|off&#8221; admin_label=&#8221;Features&#8221; _builder_version=&#8221;4.6.6&#8243; use_background_color_gradient=&#8221;on&#8221; background_color_gradient_start=&#8221;#001b56&#8243; background_color_gradient_end=&#8221;#01217d&#8221; background_image=&#8221;https:\/\/gustavstyle.com\/wp-content\/uploads\/2020\/09\/GS_SPAZIO.jpg&#8221; background_position=&#8221;top_left&#8221; width_tablet=&#8221;100%&#8221; width_phone=&#8221;100%&#8221; width_last_edited=&#8221;on|tablet&#8221; module_alignment=&#8221;right&#8221; custom_margin=&#8221;||100px||false|false&#8221; custom_padding=&#8221;61px||||false|false&#8221; custom_padding_tablet=&#8221;|0vw|||false|false&#8221; custom_padding_phone=&#8221;|0vw|||false|false&#8221; top_divider_style=&#8221;clouds2&#8243; top_divider_color=&#8221;#ffffff&#8221; bottom_divider_style=&#8221;clouds2&#8243; background_last_edited=&#8221;on|phone&#8221; background_enable_image_tablet=&#8221;off&#8221; background_enable_image_phone=&#8221;off&#8221; background_size_tablet=&#8221;contain&#8221; locked=&#8221;off&#8221;][et_pb_row _builder_version=&#8221;4.4.8&#8243; custom_padding=&#8221;95px|||||&#8221;][et_pb_column type=&#8221;4_4&#8243; _builder_version=&#8221;4.4.8&#8243;][et_pb_text _builder_version=&#8221;4.6.6&#8243; header_2_font=&#8221;Baloo|600|||||||&#8221; header_2_text_align=&#8221;center&#8221; header_2_font_size=&#8221;66px&#8221; header_2_line_height=&#8221;1.3em&#8221; background_layout=&#8221;dark&#8221; min_height=&#8221;35px&#8221; header_2_font_size_tablet=&#8221;38px&#8221; header_2_font_size_phone=&#8221;22px&#8221; header_2_font_size_last_edited=&#8221;on|phone&#8221; header_2_text_shadow_style=&#8221;preset3&#8243; locked=&#8221;off&#8221; header_2_2_font_size_tablet=&#8221;32px&#8221; header_3_2_font_size_tablet=&#8221;32px&#8221; header_4_2_font_size_tablet=&#8221;32px&#8221; header_5_2_font_size_tablet=&#8221;32px&#8221; header_6_2_font_size_tablet=&#8221;32px&#8221; header_2_2_font_size_phone=&#8221;20px&#8221; header_3_2_font_size_phone=&#8221;20px&#8221; header_4_2_font_size_phone=&#8221;20px&#8221; header_5_2_font_size_phone=&#8221;20px&#8221; header_6_2_font_size_phone=&#8221;20px&#8221; header_2_2_font_size_last_edited=&#8221;on|phone&#8221; header_3_2_font_size_last_edited=&#8221;on|phone&#8221; header_4_2_font_size_last_edited=&#8221;on|phone&#8221; header_5_2_font_size_last_edited=&#8221;on|phone&#8221; header_6_2_font_size_last_edited=&#8221;on|phone&#8221;]<\/p>\n<h2>Many worlds and many adventures<\/h2>\n<p>[\/et_pb_text][\/et_pb_column][\/et_pb_row][et_pb_row column_structure=&#8221;2_5,3_5&#8243; _builder_version=&#8221;4.6.5&#8243; _module_preset=&#8221;default&#8221; background_color=&#8221;#ffffff&#8221; min_height=&#8221;536px&#8221; custom_margin=&#8221;118px||||false|false&#8221; custom_margin_tablet=&#8221;70px||||false|false&#8221; custom_margin_phone=&#8221;10px|auto|18px|auto|false|false&#8221; custom_margin_last_edited=&#8221;on|desktop&#8221; custom_padding=&#8221;||15px||false|false&#8221; border_radii=&#8221;on|6px|6px|6px|6px&#8221; box_shadow_style=&#8221;preset3&#8243; box_shadow_blur=&#8221;33px&#8221;][et_pb_column type=&#8221;2_5&#8243; _builder_version=&#8221;4.6.1&#8243; _module_preset=&#8221;default&#8221;][et_pb_image src=&#8221;https:\/\/www.gustavstyle.com\/wp-content\/uploads\/2020\/10\/Zaino_Spazio_High.gif&#8221; title_text=&#8221;Zaino_Spazio_High&#8221; align=&#8221;center&#8221; force_fullwidth=&#8221;on&#8221; src_tablet=&#8221;&#8221; src_phone=&#8221;&#8221; src_last_edited=&#8221;on|phone&#8221; _builder_version=&#8221;4.6.5&#8243; _module_preset=&#8221;default&#8221; background_color=&#8221;rgba(0,0,0,0)&#8221; custom_margin=&#8221;124px|||||&#8221; custom_margin_tablet=&#8221;0px||||false|false&#8221; custom_margin_phone=&#8221;7px||||false|false&#8221; custom_margin_last_edited=&#8221;on|tablet&#8221;][\/et_pb_image][\/et_pb_column][et_pb_column type=&#8221;3_5&#8243; _builder_version=&#8221;4.6.1&#8243; _module_preset=&#8221;default&#8221; custom_padding=&#8221;117px|37px|||false|false&#8221; custom_padding_tablet=&#8221;57px|55px||55px|false|true&#8221; custom_padding_phone=&#8221;0px|34px||34px|false|true&#8221; custom_padding_last_edited=&#8221;on|phone&#8221;][et_pb_text content_tablet=&#8221;<\/p>\n<h2>Lo Zaino Spaziale<\/h2>\n<p>C\u2019\u00e8 lo <strong>zaino spaziale<\/strong> che permetter\u00e0 di volare in un viaggio ricco di sfide misteriose, tanto da poter toccare le stelle. Sicuramente George non vorr\u00e0 venire ma alla fine si lascer\u00e0 convincere a partire; cos\u00ec i tanti libri che ha letto si riveleranno veramente utili. E ci sar\u00e0 anche Gustav, anzi quel viaggio sar\u00e0 stata sicuramente una sua idea.<\/p>\n<p>&#8221; content_phone=&#8221;<\/p>\n<h2>Lo Zaino Spaziale<\/h2>\n<p>C\u2019\u00e8 lo <strong>zaino spaziale<\/strong> che permetter\u00e0 di volare in un viaggio ricco di sfide misteriose, tanto da poter toccare le stelle. Sicuramente George non vorr\u00e0 venire ma alla fine si lascer\u00e0 convincere a partire; cos\u00ec i tanti libri che ha letto si riveleranno veramente utili. E ci sar\u00e0 anche Gustav, anzi quel viaggio sar\u00e0 stata sicuramente una sua idea.<\/p>\n<p>&#8221; content_last_edited=&#8221;on|phone&#8221; _builder_version=&#8221;4.6.6&#8243; _module_preset=&#8221;default&#8221; text_font=&#8221;||||||||&#8221; text_text_color=&#8221;#62748a&#8221; text_font_size=&#8221;18px&#8221; text_line_height=&#8221;36px&#8221; header_2_font=&#8221;Baloo||||||||&#8221; header_2_text_align=&#8221;left&#8221; header_2_text_color=&#8221;#001955&#8243; header_2_font_size=&#8221;45px&#8221; text_font_size_tablet=&#8221;16px&#8221; text_font_size_phone=&#8221;16px&#8221; text_font_size_last_edited=&#8221;on|phone&#8221; text_line_height_tablet=&#8221;33px&#8221; text_line_height_phone=&#8221;30px&#8221; text_line_height_last_edited=&#8221;on|desktop&#8221; header_2_text_align_tablet=&#8221;center&#8221; header_2_text_align_phone=&#8221;center&#8221; header_2_text_align_last_edited=&#8221;on|desktop&#8221; header_2_font_size_tablet=&#8221;43px&#8221; header_2_font_size_phone=&#8221;35px&#8221; header_2_font_size_last_edited=&#8221;on|phone&#8221; text_orientation_tablet=&#8221;&#8221; text_orientation_phone=&#8221;&#8221; text_orientation_last_edited=&#8221;on|desktop&#8221;]<\/p>\n<h2 style=\"text-align: justify;\">Outer Space Backpack<\/h2>\n<p style=\"text-align: left;\"><span>The<\/span><strong><span>\u00a0<\/span>outer space backpack<\/strong><span>\u00a0will allow children to fly off on a voyage that is rich in mysterious challenges, so many, in fact, that they will be able to touch the stars. George will probably not want to go, but in the end he will let the others convince him to take off; and in that way the many books he has read will surely come in handy. And Gustav will be there, of course\u2026that voyage was probably his idea!<\/span><\/p>\n<p>[\/et_pb_text][\/et_pb_column][\/et_pb_row][\/et_pb_section][et_pb_section fb_built=&#8221;1&#8243; custom_padding_last_edited=&#8221;on|phone&#8221; prev_background_color=&#8221;#ffffff&#8221; next_background_color=&#8221;#ffffff&#8221; disabled_on=&#8221;off|off|off&#8221; admin_label=&#8221;Features&#8221; _builder_version=&#8221;4.6.6&#8243; use_background_color_gradient=&#8221;on&#8221; background_color_gradient_start=&#8221;#001b56&#8243; background_color_gradient_end=&#8221;#01217d&#8221; background_image=&#8221;https:\/\/gustavstyle.com\/wp-content\/uploads\/2020\/09\/GS_BKG_Fairy-1.jpg&#8221; background_position=&#8221;bottom_center&#8221; width_tablet=&#8221;100%&#8221; width_phone=&#8221;100%&#8221; width_last_edited=&#8221;on|tablet&#8221; module_alignment=&#8221;right&#8221; custom_margin=&#8221;39px||31px||false|false&#8221; custom_padding=&#8221;||||false|false&#8221; custom_padding_tablet=&#8221;|0vw|||false|false&#8221; custom_padding_phone=&#8221;|0vw|||false|false&#8221; top_divider_style=&#8221;clouds2&#8243; bottom_divider_style=&#8221;clouds2&#8243; background_last_edited=&#8221;on|phone&#8221; background_enable_image_tablet=&#8221;off&#8221; background_enable_image_phone=&#8221;off&#8221; background_size_tablet=&#8221;contain&#8221; locked=&#8221;off&#8221;][et_pb_row _builder_version=&#8221;4.4.8&#8243;][et_pb_column type=&#8221;4_4&#8243; _builder_version=&#8221;4.4.8&#8243;][\/et_pb_column][\/et_pb_row][et_pb_row column_structure=&#8221;2_5,3_5&#8243; _builder_version=&#8221;4.6.5&#8243; _module_preset=&#8221;default&#8221; background_color=&#8221;#ffffff&#8221; min_height=&#8221;536px&#8221; custom_margin=&#8221;138px||||false|false&#8221; custom_margin_tablet=&#8221;70px||||false|false&#8221; custom_margin_phone=&#8221;10px|auto|18px|auto|false|false&#8221; custom_margin_last_edited=&#8221;on|desktop&#8221; custom_padding=&#8221;||28px||false|false&#8221; border_radii=&#8221;on|6px|6px|6px|6px&#8221; box_shadow_style=&#8221;preset3&#8243; box_shadow_blur=&#8221;33px&#8221;][et_pb_column type=&#8221;2_5&#8243; _builder_version=&#8221;4.6.1&#8243; _module_preset=&#8221;default&#8221;][et_pb_image src=&#8221;https:\/\/www.gustavstyle.com\/wp-content\/uploads\/2020\/10\/Zaino_Fairy_High.gif&#8221; title_text=&#8221;Zaino_Fairy_High&#8221; align=&#8221;center&#8221; force_fullwidth=&#8221;on&#8221; _builder_version=&#8221;4.6.5&#8243; _module_preset=&#8221;default&#8221; background_color=&#8221;rgba(0,0,0,0)&#8221; custom_margin=&#8221;112px||||false|false&#8221; custom_margin_tablet=&#8221;0px||||false|false&#8221; custom_margin_phone=&#8221;0px||||false|false&#8221; custom_margin_last_edited=&#8221;on|desktop&#8221;][\/et_pb_image][\/et_pb_column][et_pb_column type=&#8221;3_5&#8243; _builder_version=&#8221;4.6.1&#8243; _module_preset=&#8221;default&#8221; custom_padding=&#8221;117px|37px|||false|false&#8221; custom_padding_tablet=&#8221;57px|55px||55px|false|true&#8221; custom_padding_phone=&#8221;0px|34px||34px|false|true&#8221; custom_padding_last_edited=&#8221;on|phone&#8221;][et_pb_text content_tablet=&#8221;<\/p>\n<h2>Lo Zaino Magico<\/h2>\n<p>C\u2019\u00e8 lo <strong>zaino magico<\/strong> che trasformer\u00e0 la quotidianit\u00e0 in un vero e proprio regno delle fate, dove tutto potr\u00e0 cambiare in ogni momento. Se i nostri amici si cacceranno troppo nei guai, le capacit\u00e0 atletiche di Lul\u00f9 e TataoNiki, si riveleranno decisive.<\/p>\n<p>&#8221; content_phone=&#8221;<\/p>\n<h2>Lo Zaino Magico<\/h2>\n<p>C\u2019\u00e8 lo <strong>zaino magico<\/strong> che trasformer\u00e0 la quotidianit\u00e0 in un vero e proprio regno delle fate, dove tutto potr\u00e0 cambiare in ogni momento. Se i nostri amici si cacceranno troppo nei guai, le capacit\u00e0 atletiche di Lul\u00f9 e TataoNiki, si riveleranno decisive.<\/p>\n<p>&#8221; content_last_edited=&#8221;on|desktop&#8221; _builder_version=&#8221;4.6.6&#8243; _module_preset=&#8221;default&#8221; text_font=&#8221;||||||||&#8221; text_text_color=&#8221;#62748a&#8221; text_font_size=&#8221;18px&#8221; text_line_height=&#8221;36px&#8221; header_2_font=&#8221;Baloo||||||||&#8221; header_2_text_align=&#8221;left&#8221; header_2_text_color=&#8221;#001955&#8243; header_2_font_size=&#8221;45px&#8221; text_font_size_tablet=&#8221;16px&#8221; text_font_size_phone=&#8221;16px&#8221; text_font_size_last_edited=&#8221;on|phone&#8221; text_line_height_tablet=&#8221;33px&#8221; text_line_height_phone=&#8221;30px&#8221; text_line_height_last_edited=&#8221;on|desktop&#8221; header_2_text_align_tablet=&#8221;center&#8221; header_2_text_align_phone=&#8221;center&#8221; header_2_text_align_last_edited=&#8221;on|desktop&#8221; header_2_font_size_tablet=&#8221;43px&#8221; header_2_font_size_phone=&#8221;35px&#8221; header_2_font_size_last_edited=&#8221;on|phone&#8221; text_orientation_tablet=&#8221;&#8221; text_orientation_phone=&#8221;&#8221; text_orientation_last_edited=&#8221;on|desktop&#8221;]<\/p>\n<h2>The Magic Backpack<\/h2>\n<p style=\"text-align: left;\"><span>The\u00a0<\/span><strong>magic backpack<\/strong><span>\u00a0that turns everyday life into a Fairy Kingdom can change from one moment to the next. If your friends get into too much trouble, Lul\u00f9\u2019s and TataoNiki\u2019s athletic skills will make the difference.<\/span><\/p>\n<p>[\/et_pb_text][\/et_pb_column][\/et_pb_row][\/et_pb_section][et_pb_section fb_built=&#8221;1&#8243; custom_padding_last_edited=&#8221;on|phone&#8221; prev_background_color=&#8221;#ffffff&#8221; next_background_color=&#8221;#ffffff&#8221; disabled_on=&#8221;off|off|off&#8221; admin_label=&#8221;Features&#8221; _builder_version=&#8221;4.6.6&#8243; use_background_color_gradient=&#8221;on&#8221; background_color_gradient_start=&#8221;#001b56&#8243; background_color_gradient_end=&#8221;#01217d&#8221; background_image=&#8221;https:\/\/gustavstyle.com\/wp-content\/uploads\/2020\/09\/GS_DINO.jpg&#8221; background_position=&#8221;bottom_center&#8221; width_tablet=&#8221;100%&#8221; width_phone=&#8221;100%&#8221; width_last_edited=&#8221;on|tablet&#8221; module_alignment=&#8221;right&#8221; custom_margin=&#8221;39px||100px||false|false&#8221; custom_padding=&#8221;||||false|false&#8221; custom_padding_tablet=&#8221;|0vw|||false|false&#8221; custom_padding_phone=&#8221;|0vw|||false|false&#8221; top_divider_style=&#8221;clouds2&#8243; bottom_divider_style=&#8221;clouds2&#8243; background_last_edited=&#8221;on|phone&#8221; background_enable_image_tablet=&#8221;off&#8221; background_enable_image_phone=&#8221;off&#8221; background_size_tablet=&#8221;contain&#8221; locked=&#8221;off&#8221;][et_pb_row _builder_version=&#8221;4.4.8&#8243;][et_pb_column type=&#8221;4_4&#8243; _builder_version=&#8221;4.4.8&#8243;][\/et_pb_column][\/et_pb_row][et_pb_row column_structure=&#8221;2_5,3_5&#8243; _builder_version=&#8221;4.6.1&#8243; _module_preset=&#8221;default&#8221; background_color=&#8221;#ffffff&#8221; min_height=&#8221;536px&#8221; custom_margin=&#8221;68px|auto||auto|false|false&#8221; custom_margin_tablet=&#8221;70px||||false|false&#8221; custom_margin_phone=&#8221;10px|auto|18px|auto|false|false&#8221; custom_margin_last_edited=&#8221;on|desktop&#8221; custom_padding=&#8221;||28px||false|false&#8221; border_radii=&#8221;on|6px|6px|6px|6px&#8221; box_shadow_style=&#8221;preset3&#8243; box_shadow_blur=&#8221;33px&#8221;][et_pb_column type=&#8221;2_5&#8243; _builder_version=&#8221;4.6.1&#8243; _module_preset=&#8221;default&#8221;][et_pb_image src=&#8221;https:\/\/www.gustavstyle.com\/wp-content\/uploads\/2020\/10\/Zaino_Dino_High.gif&#8221; title_text=&#8221;Zaino_Dino_High&#8221; align=&#8221;center&#8221; force_fullwidth=&#8221;on&#8221; _builder_version=&#8221;4.6.5&#8243; _module_preset=&#8221;default&#8221; background_color=&#8221;rgba(0,0,0,0)&#8221; custom_margin=&#8221;124px|||||&#8221; custom_margin_tablet=&#8221;0px||||false|false&#8221; custom_margin_phone=&#8221;&#8221; custom_margin_last_edited=&#8221;on|desktop&#8221;][\/et_pb_image][\/et_pb_column][et_pb_column type=&#8221;3_5&#8243; _builder_version=&#8221;4.6.1&#8243; _module_preset=&#8221;default&#8221; custom_padding=&#8221;117px|37px|||false|false&#8221; custom_padding_tablet=&#8221;57px|55px||55px|false|true&#8221; custom_padding_phone=&#8221;0px|34px||34px|false|true&#8221; custom_padding_last_edited=&#8221;on|phone&#8221;][et_pb_text _builder_version=&#8221;4.6.6&#8243; _module_preset=&#8221;default&#8221; text_font=&#8221;||||||||&#8221; text_text_color=&#8221;#62748a&#8221; text_font_size=&#8221;18px&#8221; text_line_height=&#8221;36px&#8221; header_2_font=&#8221;Baloo||||||||&#8221; header_2_text_align=&#8221;left&#8221; header_2_text_color=&#8221;#001955&#8243; header_2_font_size=&#8221;45px&#8221; text_font_size_tablet=&#8221;16px&#8221; text_font_size_phone=&#8221;16px&#8221; text_font_size_last_edited=&#8221;on|phone&#8221; text_line_height_tablet=&#8221;33px&#8221; text_line_height_phone=&#8221;30px&#8221; text_line_height_last_edited=&#8221;on|desktop&#8221; header_2_text_align_tablet=&#8221;center&#8221; header_2_text_align_phone=&#8221;center&#8221; header_2_text_align_last_edited=&#8221;on|desktop&#8221; header_2_font_size_tablet=&#8221;43px&#8221; header_2_font_size_phone=&#8221;35px&#8221; header_2_font_size_last_edited=&#8221;on|phone&#8221; text_orientation_tablet=&#8221;&#8221; text_orientation_phone=&#8221;&#8221; text_orientation_last_edited=&#8221;on|desktop&#8221;]<\/p>\n<h2>Jurassic Backpack<\/h2>\n<p style=\"text-align: left;\"><span>The\u00a0<\/span><strong>Jurassic backpack<\/strong><span>\u00a0will accompany children on a curious voyage into the past on the most breathtaking adventures to the era of dinosaurs. Lul\u00f9 and TataoNiki will certainly not be intimidated by it all, and they will be thrilled to participate in the voyage\u2026but let\u2019s hope their friends are there to get them out of trouble if they need help.<\/span><\/p>\n<p>[\/et_pb_text][\/et_pb_column][\/et_pb_row][\/et_pb_section][et_pb_section fb_built=&#8221;1&#8243; custom_padding_last_edited=&#8221;on|desktop&#8221; prev_background_color=&#8221;#ffffff&#8221; next_background_color=&#8221;#ffffff&#8221; disabled_on=&#8221;off|off|off&#8221; admin_label=&#8221;Features&#8221; _builder_version=&#8221;4.6.6&#8243; use_background_color_gradient=&#8221;on&#8221; background_color_gradient_start=&#8221;#001b56&#8243; background_color_gradient_end=&#8221;#01217d&#8221; background_image=&#8221;https:\/\/gustavstyle.com\/wp-content\/uploads\/2020\/09\/GS_BALLETTO.jpg&#8221; background_position=&#8221;bottom_center&#8221; width_tablet=&#8221;100%&#8221; width_phone=&#8221;100%&#8221; width_last_edited=&#8221;on|tablet&#8221; module_alignment=&#8221;right&#8221; custom_margin=&#8221;39px||100px||false|false&#8221; custom_padding=&#8221;||||false|false&#8221; custom_padding_tablet=&#8221;|0vw|||false|false&#8221; custom_padding_phone=&#8221;|0vw|||false|false&#8221; top_divider_style=&#8221;clouds2&#8243; bottom_divider_style=&#8221;clouds2&#8243; background_last_edited=&#8221;on|phone&#8221; background_enable_image_tablet=&#8221;off&#8221; background_enable_image_phone=&#8221;off&#8221; background_size_tablet=&#8221;contain&#8221; locked=&#8221;off&#8221;][et_pb_row _builder_version=&#8221;4.4.8&#8243;][et_pb_column type=&#8221;4_4&#8243; _builder_version=&#8221;4.4.8&#8243;][\/et_pb_column][\/et_pb_row][et_pb_row column_structure=&#8221;2_5,3_5&#8243; _builder_version=&#8221;4.6.1&#8243; _module_preset=&#8221;default&#8221; background_color=&#8221;#ffffff&#8221; min_height=&#8221;536px&#8221; custom_margin=&#8221;138px||||false|false&#8221; custom_margin_tablet=&#8221;70px||||false|false&#8221; custom_margin_phone=&#8221;10px|auto|18px|auto|false|false&#8221; custom_margin_last_edited=&#8221;on|desktop&#8221; custom_padding=&#8221;||28px||false|false&#8221; border_radii=&#8221;on|6px|6px|6px|6px&#8221; box_shadow_style=&#8221;preset3&#8243; box_shadow_blur=&#8221;33px&#8221;][et_pb_column type=&#8221;2_5&#8243; _builder_version=&#8221;4.6.1&#8243; _module_preset=&#8221;default&#8221;][et_pb_image src=&#8221;https:\/\/www.gustavstyle.com\/wp-content\/uploads\/2020\/10\/Zaino_Ballet_HIGH.gif&#8221; title_text=&#8221;Zaino_Ballet_HIGH&#8221; align=&#8221;center&#8221; force_fullwidth=&#8221;on&#8221; _builder_version=&#8221;4.6.5&#8243; _module_preset=&#8221;default&#8221; background_color=&#8221;rgba(0,0,0,0)&#8221; custom_margin=&#8221;124px|||||&#8221; custom_margin_tablet=&#8221;0px||||false|false&#8221; custom_margin_phone=&#8221;&#8221; custom_margin_last_edited=&#8221;on|phone&#8221;][\/et_pb_image][\/et_pb_column][et_pb_column type=&#8221;3_5&#8243; _builder_version=&#8221;4.6.1&#8243; _module_preset=&#8221;default&#8221; custom_padding=&#8221;117px|37px|||false|false&#8221; custom_padding_tablet=&#8221;57px|55px||55px|false|true&#8221; custom_padding_phone=&#8221;0px|34px||34px|false|true&#8221; custom_padding_last_edited=&#8221;on|phone&#8221;][et_pb_text _builder_version=&#8221;4.6.6&#8243; _module_preset=&#8221;default&#8221; text_font=&#8221;||||||||&#8221; text_text_color=&#8221;#62748a&#8221; text_font_size=&#8221;18px&#8221; text_line_height=&#8221;36px&#8221; header_2_font=&#8221;Baloo||||||||&#8221; header_2_text_align=&#8221;left&#8221; header_2_text_color=&#8221;#001955&#8243; header_2_font_size=&#8221;45px&#8221; text_font_size_tablet=&#8221;16px&#8221; text_font_size_phone=&#8221;16px&#8221; text_font_size_last_edited=&#8221;on|phone&#8221; text_line_height_tablet=&#8221;33px&#8221; text_line_height_phone=&#8221;30px&#8221; text_line_height_last_edited=&#8221;on|desktop&#8221; header_2_text_align_tablet=&#8221;center&#8221; header_2_text_align_phone=&#8221;center&#8221; header_2_text_align_last_edited=&#8221;on|desktop&#8221; header_2_font_size_tablet=&#8221;43px&#8221; header_2_font_size_phone=&#8221;35px&#8221; header_2_font_size_last_edited=&#8221;on|phone&#8221; text_orientation_tablet=&#8221;&#8221; text_orientation_phone=&#8221;&#8221; text_orientation_last_edited=&#8221;on|desktop&#8221;]<\/p>\n<h2>The Ballet Backpack<\/h2>\n<p style=\"text-align: left;\"><span>The\u00a0<\/span><strong>Ballet backpack<\/strong><span>\u00a0will take children onto the stage and into the spotlight. Who knows how many new ballets they will be able to perform on that stage together with their new friends; and who knows how many fashion tips Mathilde will give them while crunching on one snack or another.<\/span><\/p>\n<p>[\/et_pb_text][\/et_pb_column][\/et_pb_row][\/et_pb_section][et_pb_section fb_built=&#8221;1&#8243; admin_label=&#8221;Footer eng&#8221; _builder_version=&#8221;4.6.5&#8243; use_background_color_gradient=&#8221;on&#8221; background_color_gradient_start=&#8221;rgba(0,0,0,0.1)&#8221; background_color_gradient_end=&#8221;#ffffff&#8221; background_color_gradient_direction=&#8221;0deg&#8221; background_color_gradient_end_position=&#8221;21%&#8221; background_color_gradient_overlays_image=&#8221;on&#8221; background_enable_image=&#8221;off&#8221; module_alignment=&#8221;center&#8221; custom_padding=&#8221;2vw||2vw||true|false&#8221; global_module=&#8221;102&#8243; saved_tabs=&#8221;all&#8221; locked=&#8221;off&#8221;][et_pb_row column_structure=&#8221;2_5,3_5&#8243; custom_padding_last_edited=&#8221;on|phone&#8221; disabled_on=&#8221;on|on|off&#8221; _builder_version=&#8221;4.6.5&#8243; module_alignment=&#8221;center&#8221; custom_padding=&#8221;||||false|false&#8221; custom_padding_tablet=&#8221;|24%|||false|false&#8221; custom_padding_phone=&#8221;|10%|||false|false&#8221;][et_pb_column type=&#8221;2_5&#8243; _builder_version=&#8221;4.4.7&#8243;][et_pb_image src=&#8221;https:\/\/www.gustavstyle.com\/wp-content\/uploads\/2020\/09\/LOGO_GUSTAV-1.png&#8221; title_text=&#8221;LOGO_GUSTAV-1&#8243; align_tablet=&#8221;center&#8221; align_phone=&#8221;center&#8221; align_last_edited=&#8221;on|desktop&#8221; _builder_version=&#8221;4.6.5&#8243; _module_preset=&#8221;default&#8221; width=&#8221;72%&#8221;][\/et_pb_image][\/et_pb_column][et_pb_column type=&#8221;3_5&#8243; _builder_version=&#8221;4.4.8&#8243;][et_pb_text _builder_version=&#8221;4.6.5&#8243; header_2_font=&#8221;Baloo|600|||||||&#8221; header_2_text_color=&#8221;#0c71c3&#8243; header_2_font_size=&#8221;48px&#8221; header_2_line_height=&#8221;1.3em&#8221; custom_margin=&#8221;||11px|||&#8221; header_2_font_size_tablet=&#8221;32px&#8221; header_2_font_size_phone=&#8221;20px&#8221; header_2_font_size_last_edited=&#8221;on|phone&#8221; locked=&#8221;off&#8221; header_2_2_font_size_tablet=&#8221;32px&#8221; header_3_2_font_size_tablet=&#8221;32px&#8221; header_4_2_font_size_tablet=&#8221;32px&#8221; header_5_2_font_size_tablet=&#8221;32px&#8221; header_6_2_font_size_tablet=&#8221;32px&#8221; header_2_2_font_size_phone=&#8221;20px&#8221; header_3_2_font_size_phone=&#8221;20px&#8221; header_4_2_font_size_phone=&#8221;20px&#8221; header_5_2_font_size_phone=&#8221;20px&#8221; header_6_2_font_size_phone=&#8221;20px&#8221; header_2_2_font_size_last_edited=&#8221;on|phone&#8221; header_3_2_font_size_last_edited=&#8221;on|phone&#8221; header_4_2_font_size_last_edited=&#8221;on|phone&#8221; header_5_2_font_size_last_edited=&#8221;on|phone&#8221; header_6_2_font_size_last_edited=&#8221;on|phone&#8221;]<\/p>\n<h2>For information<\/h2>\n<p>[\/et_pb_text][et_pb_text _builder_version=&#8221;4.6.5&#8243; text_font=&#8221;Open Sans||||||||&#8221; text_font_size=&#8221;20px&#8221; text_line_height=&#8221;1.9em&#8221; text_font_size_tablet=&#8221;15px&#8221; text_font_size_phone=&#8221;14px&#8221; text_font_size_last_edited=&#8221;on|desktop&#8221; text_orientation_tablet=&#8221;center&#8221; text_orientation_last_edited=&#8221;off|tablet&#8221; locked=&#8221;off&#8221;]<\/p>\n<p><strong>Gustav Style srl<\/strong><br \/> Via Guido Cavalcanti, 36<br \/> Firenze (FI) 50133 &#8211; P. IVA 06846070487<br \/> <a href=\"mailto:info@gustavstyle.com\">info@gustavstyle.com<\/a><\/p>\n<p>[\/et_pb_text][et_pb_social_media_follow _builder_version=&#8221;4.6.5&#8243; _module_preset=&#8221;default&#8221;][et_pb_social_media_follow_network social_network=&#8221;facebook&#8221; url=&#8221;https:\/\/www.facebook.com\/Gustav-Style-320568301390464\/&#8221; use_icon_font_size=&#8221;on&#8221; icon_font_size=&#8221;22px&#8221; _builder_version=&#8221;4.6.5&#8243; _module_preset=&#8221;default&#8221; background_color=&#8221;#3b5998&#8243; border_radii=&#8221;on|85px|85px|85px|85px&#8221; follow_button=&#8221;off&#8221; url_new_window=&#8221;on&#8221;]facebook[\/et_pb_social_media_follow_network][et_pb_social_media_follow_network social_network=&#8221;youtube&#8221; url=&#8221;https:\/\/www.youtube.com\/channel\/UC7vhFWIJ1bGaAjaZ3lWariw&#8221; use_icon_font_size=&#8221;on&#8221; icon_font_size=&#8221;22px&#8221; _builder_version=&#8221;4.6.5&#8243; _module_preset=&#8221;default&#8221; background_color=&#8221;#a82400&#8243; border_radii=&#8221;on|59px|59px|59px|59px&#8221; follow_button=&#8221;off&#8221; url_new_window=&#8221;on&#8221;]youtube[\/et_pb_social_media_follow_network][\/et_pb_social_media_follow][et_pb_text _builder_version=&#8221;4.6.1&#8243; text_font=&#8221;Open Sans||||||||&#8221; text_line_height=&#8221;1.9em&#8221; text_font_size_tablet=&#8221;15px&#8221; text_font_size_phone=&#8221;14px&#8221; text_font_size_last_edited=&#8221;on|desktop&#8221; text_orientation_tablet=&#8221;center&#8221; text_orientation_last_edited=&#8221;off|tablet&#8221; locked=&#8221;off&#8221;]<\/p>\n<p>Materiale sotto copyright \u00a9 2018<\/p>\n<p>[\/et_pb_text][\/et_pb_column][\/et_pb_row][et_pb_row column_structure=&#8221;1_4,3_4&#8243; custom_padding_last_edited=&#8221;on|phone&#8221; disabled_on=&#8221;on|on|off&#8221; _builder_version=&#8221;4.6.1&#8243; custom_padding=&#8221;||||false|false&#8221; custom_padding_tablet=&#8221;|24%|||false|false&#8221; custom_padding_phone=&#8221;|10%|||false|false&#8221;][et_pb_column type=&#8221;1_4&#8243; _builder_version=&#8221;4.4.7&#8243;][et_pb_image src=&#8221;https:\/\/www.gustavstyle.com\/wp-content\/uploads\/2020\/10\/logo-porcreo.jpg&#8221; title_text=&#8221;logo-porcreo&#8221; align=&#8221;center&#8221; align_tablet=&#8221;center&#8221; align_phone=&#8221;center&#8221; align_last_edited=&#8221;on|desktop&#8221; _builder_version=&#8221;4.6.1&#8243; _module_preset=&#8221;default&#8221; width=&#8221;100%&#8221;][\/et_pb_image][et_pb_image src=&#8221;https:\/\/www.gustavstyle.com\/wp-content\/uploads\/2020\/10\/logo-le-ali-alle-idee.jpg&#8221; title_text=&#8221;logo-le-ali-alle-idee&#8221; _builder_version=&#8221;4.6.1&#8243; _module_preset=&#8221;default&#8221;][\/et_pb_image][\/et_pb_column][et_pb_column type=&#8221;3_4&#8243; _builder_version=&#8221;4.4.8&#8243;][et_pb_text _builder_version=&#8221;4.6.1&#8243; text_font=&#8221;Open Sans||||||||&#8221; text_line_height=&#8221;1.3em&#8221; text_font_size_tablet=&#8221;15px&#8221; text_font_size_phone=&#8221;14px&#8221; text_font_size_last_edited=&#8221;on|desktop&#8221; text_orientation_tablet=&#8221;center&#8221; text_orientation_last_edited=&#8221;off|tablet&#8221; locked=&#8221;off&#8221;]<\/p>\n<p><strong>GUSTAV STYLE SRL<\/strong><br \/> <strong>&#8220;Operazione\/Progetto finanziato nel quadro del POR FESR 2014-2020&#8221;<\/strong><br \/><strong> Progetto: Internazionalizzazione di Gustav Style Srl<\/strong><br \/><strong> Contributo concesso \u20ac 23.700,00<\/strong><\/p>\n<p>Il progetto ha come scopo principale quello di dare visibilit\u00e0 e promuovere Gustav Style Srl sui mercati internazionali.<\/p>\n<p><strong>GUSTAV STYLE SRL<\/strong><br \/> <strong>&#8220;Project co-financed under Tuscany POR FESR 2014-2020&#8221;<\/strong><br \/><strong> Project: Internazionalizzazione di Gustav Style Srl<\/strong><br \/><strong> Assistance granted amounted to \u20ac 23.700,00<\/strong><\/p>\n<p>The project&#8217;s main aim to raise the profile and promote Gustav Style Srl across foreign markets at an international level.<\/p>\n<p>[\/et_pb_text][\/et_pb_column][\/et_pb_row][et_pb_row _builder_version=&#8221;4.6.6&#8243; _module_preset=&#8221;default&#8221;][et_pb_column type=&#8221;4_4&#8243; _builder_version=&#8221;4.6.6&#8243; _module_preset=&#8221;default&#8221;][et_pb_image src=&#8221;https:\/\/www.gustavstyle.com\/wp-content\/uploads\/2020\/09\/loghi-porcreo-web.png&#8221; title_text=&#8221;loghi-porcreo-web&#8221; align=&#8221;center&#8221; _builder_version=&#8221;4.6.6&#8243; _module_preset=&#8221;default&#8221;][\/et_pb_image][\/et_pb_column][\/et_pb_row][et_pb_row custom_padding_last_edited=&#8221;on|phone&#8221; disabled_on=&#8221;off|off|on&#8221; _builder_version=&#8221;4.6.1&#8243; custom_padding=&#8221;||||false|false&#8221; custom_padding_tablet=&#8221;||||false|false&#8221; custom_padding_phone=&#8221;||||false|false&#8221;][et_pb_column type=&#8221;4_4&#8243; _builder_version=&#8221;4.6.1&#8243;][et_pb_image src=&#8221;https:\/\/www.gustavstyle.com\/wp-content\/uploads\/2020\/09\/LOGO_GUSTAV-1.png&#8221; title_text=&#8221;LOGO_GUSTAV-1&#8243; align=&#8221;center&#8221; align_tablet=&#8221;center&#8221; align_phone=&#8221;center&#8221; align_last_edited=&#8221;on|desktop&#8221; _builder_version=&#8221;4.6.1&#8243; _module_preset=&#8221;default&#8221; width=&#8221;40%&#8221;][\/et_pb_image][et_pb_text _builder_version=&#8221;4.6.5&#8243; header_2_font=&#8221;Baloo|600|||||||&#8221; header_2_text_align=&#8221;center&#8221; header_2_text_color=&#8221;#0c71c3&#8243; header_2_font_size=&#8221;48px&#8221; header_2_line_height=&#8221;1.3em&#8221; custom_margin=&#8221;||11px|||&#8221; header_2_font_size_tablet=&#8221;32px&#8221; header_2_font_size_phone=&#8221;20px&#8221; header_2_font_size_last_edited=&#8221;on|phone&#8221; locked=&#8221;off&#8221; header_2_2_font_size_tablet=&#8221;32px&#8221; header_3_2_font_size_tablet=&#8221;32px&#8221; header_4_2_font_size_tablet=&#8221;32px&#8221; header_5_2_font_size_tablet=&#8221;32px&#8221; header_6_2_font_size_tablet=&#8221;32px&#8221; header_2_2_font_size_phone=&#8221;20px&#8221; header_3_2_font_size_phone=&#8221;20px&#8221; header_4_2_font_size_phone=&#8221;20px&#8221; header_5_2_font_size_phone=&#8221;20px&#8221; header_6_2_font_size_phone=&#8221;20px&#8221; header_2_2_font_size_last_edited=&#8221;on|phone&#8221; header_3_2_font_size_last_edited=&#8221;on|phone&#8221; header_4_2_font_size_last_edited=&#8221;on|phone&#8221; header_5_2_font_size_last_edited=&#8221;on|phone&#8221; header_6_2_font_size_last_edited=&#8221;on|phone&#8221;]<\/p>\n<h2>For information<\/h2>\n<p>[\/et_pb_text][et_pb_text _builder_version=&#8221;4.6.5&#8243; text_font=&#8221;Open Sans||||||||&#8221; text_font_size=&#8221;20px&#8221; text_line_height=&#8221;1.9em&#8221; text_orientation=&#8221;center&#8221; text_font_size_tablet=&#8221;15px&#8221; text_font_size_phone=&#8221;14px&#8221; text_font_size_last_edited=&#8221;on|desktop&#8221; text_orientation_tablet=&#8221;center&#8221; text_orientation_last_edited=&#8221;off|tablet&#8221; locked=&#8221;off&#8221;]<\/p>\n<p><strong>Gustav Style srl<\/strong><br \/> Via Guido Cavalcanti, 36<br \/> Firenze (FI) 50133\u00a0 &#8211;\u00a0 Partita IVA 06846070487<br \/> <a href=\"mailto:info@gustavstyle.com\">info@gustavstyle.com<\/a><\/p>\n<p>[\/et_pb_text][et_pb_social_media_follow _builder_version=&#8221;4.6.5&#8243; _module_preset=&#8221;default&#8221; text_orientation=&#8221;center&#8221;][et_pb_social_media_follow_network social_network=&#8221;facebook&#8221; url=&#8221;https:\/\/www.facebook.com\/Gustav-Style-320568301390464\/&#8221; use_icon_font_size=&#8221;on&#8221; icon_font_size=&#8221;22px&#8221; _builder_version=&#8221;4.6.5&#8243; _module_preset=&#8221;default&#8221; background_color=&#8221;#3b5998&#8243; border_radii=&#8221;on|85px|85px|85px|85px&#8221; follow_button=&#8221;off&#8221; url_new_window=&#8221;on&#8221;]facebook[\/et_pb_social_media_follow_network][et_pb_social_media_follow_network social_network=&#8221;youtube&#8221; url=&#8221;https:\/\/www.youtube.com\/channel\/UC7vhFWIJ1bGaAjaZ3lWariw&#8221; use_icon_font_size=&#8221;on&#8221; icon_font_size=&#8221;22px&#8221; _builder_version=&#8221;4.6.5&#8243; _module_preset=&#8221;default&#8221; background_color=&#8221;#a82400&#8243; border_radii=&#8221;on|59px|59px|59px|59px&#8221; follow_button=&#8221;off&#8221; url_new_window=&#8221;on&#8221;]youtube[\/et_pb_social_media_follow_network][\/et_pb_social_media_follow][et_pb_text _builder_version=&#8221;4.6.1&#8243; text_font=&#8221;Open Sans||||||||&#8221; text_line_height=&#8221;1.9em&#8221; text_orientation=&#8221;center&#8221; text_font_size_tablet=&#8221;15px&#8221; text_font_size_phone=&#8221;14px&#8221; text_font_size_last_edited=&#8221;on|desktop&#8221; text_orientation_tablet=&#8221;center&#8221; text_orientation_last_edited=&#8221;off|tablet&#8221; locked=&#8221;off&#8221;]<\/p>\n<p>Materiale sotto copyright \u00a9 2018<\/p>\n<p>[\/et_pb_text][\/et_pb_column][\/et_pb_row][et_pb_row custom_padding_last_edited=&#8221;on|phone&#8221; disabled_on=&#8221;off|off|on&#8221; _builder_version=&#8221;4.6.1&#8243; custom_padding=&#8221;||||false|false&#8221; custom_padding_tablet=&#8221;||||false|false&#8221; custom_padding_phone=&#8221;||||false|false&#8221;][et_pb_column type=&#8221;4_4&#8243; _builder_version=&#8221;4.6.1&#8243;][et_pb_image src=&#8221;https:\/\/www.gustavstyle.com\/wp-content\/uploads\/2020\/10\/logo-porcreo.jpg&#8221; title_text=&#8221;logo-porcreo&#8221; align=&#8221;center&#8221; align_tablet=&#8221;center&#8221; align_phone=&#8221;center&#8221; align_last_edited=&#8221;on|desktop&#8221; _builder_version=&#8221;4.6.1&#8243; _module_preset=&#8221;default&#8221; width=&#8221;40%&#8221;][\/et_pb_image][et_pb_image src=&#8221;https:\/\/www.gustavstyle.com\/wp-content\/uploads\/2020\/10\/logo-le-ali-alle-idee.jpg&#8221; title_text=&#8221;logo-le-ali-alle-idee&#8221; align=&#8221;center&#8221; _builder_version=&#8221;4.6.1&#8243; _module_preset=&#8221;default&#8221;][\/et_pb_image][et_pb_text _builder_version=&#8221;4.6.1&#8243; text_font=&#8221;Open Sans||||||||&#8221; text_line_height=&#8221;1.3em&#8221; text_orientation=&#8221;center&#8221; text_font_size_tablet=&#8221;15px&#8221; text_font_size_phone=&#8221;14px&#8221; text_font_size_last_edited=&#8221;on|desktop&#8221; text_orientation_tablet=&#8221;center&#8221; text_orientation_last_edited=&#8221;off|tablet&#8221; locked=&#8221;off&#8221;]<\/p>\n<p><strong>GUSTAV STYLE SRL<\/strong><br \/> <strong>&#8220;Operazione\/Progetto finanziato nel quadro del POR FESR 2014-2020&#8221;<\/strong><br \/> <strong> Progetto: Internazionalizzazione di Gustav Style Srl<\/strong><br \/> <strong> Contributo concesso \u20ac 23.700,00<\/strong><\/p>\n<p>Il progetto ha come scopo principale quello di dare visibilit\u00e0 e promuovere Gustav Style Srl sui mercati internazionali.<\/p>\n<p><strong>GUSTAV STYLE SRL<\/strong><br \/> <strong>&#8220;Project co-financed under Tuscany POR FESR 2014-2020&#8221;<\/strong><br \/> <strong> Project: Internazionalizzazione di Gustav Style Srl<\/strong><br \/> <strong> Assistance granted amounted to \u20ac 23.700,00<\/strong><\/p>\n<p>The project&#8217;s main aim to raise the profile and promote Gustav Style Srl across foreign markets at an international level.<\/p>\n<p>[\/et_pb_text][et_pb_image src=&#8221;https:\/\/www.gustavstyle.com\/wp-content\/uploads\/2020\/09\/loghi-porcreo-web.png&#8221; title_text=&#8221;loghi-porcreo-web&#8221; align=&#8221;center&#8221; _builder_version=&#8221;4.6.6&#8243; _module_preset=&#8221;default&#8221;][\/et_pb_image][\/et_pb_column][\/et_pb_row][\/et_pb_section]<\/p>\n","protected":false},"excerpt":{"rendered":"<p>The PatentThe start-up and merchandisingThe new start-up linked to the short animated films will take care of producing, promoting and marketing accessories for children from the ages of 3-8. The accessories are patented, and they are innovative, ergonomic, and made to strengthen the child\u2019s creativity. It all starts with a line of backpacks, bags and [&hellip;]<\/p>\n","protected":false},"author":1,"featured_media":0,"parent":0,"menu_order":0,"comment_status":"closed","ping_status":"closed","template":"","meta":{"_et_pb_use_builder":"on","_et_pb_old_content":"","_et_gb_content_width":"","footnotes":""},"class_list":["post-607","page","type-page","status-publish","hentry"],"_links":{"self":[{"href":"https:\/\/www.gustavstyle.com\/en\/wp-json\/wp\/v2\/pages\/607","targetHints":{"allow":["GET"]}}],"collection":[{"href":"https:\/\/www.gustavstyle.com\/en\/wp-json\/wp\/v2\/pages"}],"about":[{"href":"https:\/\/www.gustavstyle.com\/en\/wp-json\/wp\/v2\/types\/page"}],"author":[{"embeddable":true,"href":"https:\/\/www.gustavstyle.com\/en\/wp-json\/wp\/v2\/users\/1"}],"replies":[{"embeddable":true,"href":"https:\/\/www.gustavstyle.com\/en\/wp-json\/wp\/v2\/comments?post=607"}],"version-history":[{"count":9,"href":"https:\/\/www.gustavstyle.com\/en\/wp-json\/wp\/v2\/pages\/607\/revisions"}],"predecessor-version":[{"id":648,"href":"https:\/\/www.gustavstyle.com\/en\/wp-json\/wp\/v2\/pages\/607\/revisions\/648"}],"wp:attachment":[{"href":"https:\/\/www.gustavstyle.com\/en\/wp-json\/wp\/v2\/media?parent=607"}],"curies":[{"name":"wp","href":"https:\/\/api.w.org\/{rel}","templated":true}]}}